{"id":641,"date":"2020-06-23T12:49:57","date_gmt":"2020-06-23T10:49:57","guid":{"rendered":"http:\/\/www.microcosmo.fr\/?page_id=641"},"modified":"2026-01-14T10:57:37","modified_gmt":"2026-01-14T09:57:37","slug":"salle-stark","status":"publish","type":"page","link":"http:\/\/www.microcosmo.fr\/index.php\/salle-de-reunion\/salle-stark\/","title":{"rendered":"Salle \u00ab\u00a0Stark\u00a0\u00bb"},"content":{"rendered":"\n<p><img loading=\"lazy\" decoding=\"async\" class=\"alignnone size-full wp-image-362\" src=\"http:\/\/www.microcosmo.fr\/wp-content\/uploads\/2017\/08\/carte.jpg\" alt=\"carte\" width=\"100\" height=\"77\">&nbsp;<span style=\"font-size: 18px;\"><strong>Pr<\/strong><\/span><span style=\"font-size: 18px;\"><strong>ofitez de salles de r\u00e9union au c\u0153ur de Saint Maur des Foss\u00e9s.<\/strong><\/span><\/p>\n\n\n<div class=\"wp-block-image\">\n<figure class=\"alignright\"><img loading=\"lazy\" decoding=\"async\" width=\"150\" height=\"150\" src=\"http:\/\/www.microcosmo.fr\/wp-content\/uploads\/2020\/06\/pop4-150x150.jpg\" alt=\"pop4\" class=\"wp-image-667\" title=\"\" srcset=\"http:\/\/www.microcosmo.fr\/wp-content\/uploads\/2020\/06\/pop4-150x150.jpg 150w, http:\/\/www.microcosmo.fr\/wp-content\/uploads\/2020\/06\/pop4-300x300.jpg 300w, http:\/\/www.microcosmo.fr\/wp-content\/uploads\/2020\/06\/pop4.jpg 700w\" sizes=\"auto, (max-width: 150px) 100vw, 150px\" \/><\/figure><\/div>\n\n\n<p><em><strong><u>La salle 2 \u00e0 10 places (Salle \u00ab\u00a0Stark\u00a0\u00bb)<\/u><\/strong><\/em><br> Nouvelle salle, refaite \u00e0 neuf. Vous pouvez organiser des r\u00e9unions sur sa grande table de travail.<br> Con\u00e7ue pour des r\u00e9unions de 6 \u00e0 8 personnes, elle pourra tout de m\u00eame accueillir jusqu&rsquo;\u00e0 10 personnes, pour une s\u00e9ance de travail au calme, dans un espace pro et moderne, avec un grand \u00e9cran pour projeter vos pr\u00e9sentation.<\/p>\n\n\n\n<p><em><img loading=\"lazy\" decoding=\"async\" width=\"20\" height=\"20\" class=\"alignnone size-full wp-image-340\" src=\"http:\/\/www.microcosmo.fr\/wp-content\/uploads\/2017\/08\/logo-internet.jpg\" alt=\"logo-internet\"> Internet par wifi via la FIBRE 1Go<br><br><img loading=\"lazy\" decoding=\"async\" width=\"20\" height=\"20\" class=\"alignnone size-full wp-image-338\" src=\"http:\/\/www.microcosmo.fr\/wp-content\/uploads\/2017\/08\/logo-team.png\" alt=\"logo-team\"> Jusqu&rsquo;\u00e0 8\/10 personnes<br><br><img loading=\"lazy\" decoding=\"async\" width=\"20\" height=\"18\" class=\"alignnone size-full wp-image-342\" src=\"http:\/\/www.microcosmo.fr\/wp-content\/uploads\/2017\/08\/logo-pc.png\" alt=\"logo-pc\"> Equip\u00e9e d&rsquo;un \u00e9cran grand format<\/em><br> <em><img loading=\"lazy\" decoding=\"async\" width=\"20\" height=\"20\" class=\"alignnone size-full wp-image-344\" src=\"http:\/\/www.microcosmo.fr\/wp-content\/uploads\/2017\/08\/logo-relieuse.png\" alt=\"logo-relieuse\"> Relieuse, massicot (sur demande)<\/em><br> <img loading=\"lazy\" decoding=\"async\" width=\"20\" height=\"20\" class=\"alignnone size-full wp-image-343\" src=\"http:\/\/www.microcosmo.fr\/wp-content\/uploads\/2017\/08\/logo-imprimante.png\" alt=\"Imprimante\"> <em>Impression N&amp;B et Couleu<\/em>r <em>(nous contacter)<br><br><img loading=\"lazy\" decoding=\"async\" width=\"20\" height=\"20\" class=\"alignnone size-full wp-image-339\" src=\"http:\/\/www.microcosmo.fr\/wp-content\/uploads\/2017\/08\/logo-food.png\" alt=\"logo-food\"> Repas sur place possible (nous contacter, d\u00e9lai n\u00e9cessaire)<\/em><br> R\u00e9servez facilement la salle de r\u00e9union en envoyant un message sur notre page \u00ab\u00a0<a href=\"http:\/\/www.microcosmo.fr\/index.php\/espace-co-working\/reservation\/\">R\u00e9servation<\/a>\u00ab\u00a0.<\/p>\n\n\n\n<p><strong>TARIF <strong>sept. 2025-Juill.2026<\/strong><\/strong>\u00a0&#8211; Tarif pour une location occasionnelle : 20\u20acHT\/heure, 55\u20acHT par demi journ\u00e9e (9h-13h \/ 14h-18h \/ 18h-22h), ou 90\u20acHT la journ\u00e9e (9h-18h)<br> Tarif pour une location r\u00e9guli\u00e8re (au minimum une fois par semaine) : 17\u20acHT\/Heure, 50\u20acHT par demi journ\u00e9e (9h-13h \/ 14h-18h \/ 18h-22h), ou 85\u20acHT la journ\u00e9e (9h-18h)<br> <em>Pour des locations longue dur\u00e9e ou r\u00e9guli\u00e8re, merci de nous contacter.<\/em><br> <em>Toute heure d\u00e9but\u00e9e est factur\u00e9e int\u00e9gralement. <\/em><\/p>\n\n\n\n<p>La location comprend l&rsquo;acc\u00e8s aux parties communes (salle d&rsquo;attente, toilettes, espace d\u00e9tente avec coin cuisine).<\/p>\n\n\n\n<p>Merci de noter que nous ne pourrons pas accueillir de rassemblements \u00e0 caract\u00e8res politiques ou religieux.<\/p>\n\n\n\n<figure class=\"wp-block-image size-full\"><img loading=\"lazy\" decoding=\"async\" width=\"1024\" height=\"415\" src=\"http:\/\/www.microcosmo.fr\/wp-content\/uploads\/2024\/08\/stark1.png\" alt=\"\" class=\"wp-image-823\" srcset=\"http:\/\/www.microcosmo.fr\/wp-content\/uploads\/2024\/08\/stark1.png 1024w, http:\/\/www.microcosmo.fr\/wp-content\/uploads\/2024\/08\/stark1-300x122.png 300w, http:\/\/www.microcosmo.fr\/wp-content\/uploads\/2024\/08\/stark1-768x311.png 768w\" sizes=\"auto, (max-width: 1024px) 100vw, 1024px\" \/><\/figure>\n\n\n\n<figure class=\"wp-block-image size-full\"><img loading=\"lazy\" decoding=\"async\" width=\"1024\" height=\"415\" src=\"http:\/\/www.microcosmo.fr\/wp-content\/uploads\/2024\/08\/stark2.png\" alt=\"\" class=\"wp-image-825\" srcset=\"http:\/\/www.microcosmo.fr\/wp-content\/uploads\/2024\/08\/stark2.png 1024w, http:\/\/www.microcosmo.fr\/wp-content\/uploads\/2024\/08\/stark2-300x122.png 300w, http:\/\/www.microcosmo.fr\/wp-content\/uploads\/2024\/08\/stark2-768x311.png 768w\" sizes=\"auto, (max-width: 1024px) 100vw, 1024px\" \/><\/figure>\n","protected":false},"excerpt":{"rendered":"<p>&nbsp;Profitez de salles de r\u00e9union au c\u0153ur de Saint Maur des Foss\u00e9s. La salle 2 \u00e0 10 places (Salle \u00ab\u00a0Stark\u00a0\u00bb) Nouvelle salle, refaite \u00e0 neuf. Vous pouvez organiser des r\u00e9unions sur sa grande table de travail. Con\u00e7ue pour des r\u00e9unions de 6 \u00e0 8 personnes, elle pourra tout de m\u00eame&#8230;<\/p>\n","protected":false},"author":1,"featured_media":0,"parent":295,"menu_order":2,"comment_status":"closed","ping_status":"closed","template":"","meta":{"footnotes":""},"class_list":["post-641","page","type-page","status-publish","hentry"],"_links":{"self":[{"href":"http:\/\/www.microcosmo.fr\/index.php\/wp-json\/wp\/v2\/pages\/641","targetHints":{"allow":["GET"]}}],"collection":[{"href":"http:\/\/www.microcosmo.fr\/index.php\/wp-json\/wp\/v2\/pages"}],"about":[{"href":"http:\/\/www.microcosmo.fr\/index.php\/wp-json\/wp\/v2\/types\/page"}],"author":[{"embeddable":true,"href":"http:\/\/www.microcosmo.fr\/index.php\/wp-json\/wp\/v2\/users\/1"}],"replies":[{"embeddable":true,"href":"http:\/\/www.microcosmo.fr\/index.php\/wp-json\/wp\/v2\/comments?post=641"}],"version-history":[{"count":18,"href":"http:\/\/www.microcosmo.fr\/index.php\/wp-json\/wp\/v2\/pages\/641\/revisions"}],"predecessor-version":[{"id":916,"href":"http:\/\/www.microcosmo.fr\/index.php\/wp-json\/wp\/v2\/pages\/641\/revisions\/916"}],"up":[{"embeddable":true,"href":"http:\/\/www.microcosmo.fr\/index.php\/wp-json\/wp\/v2\/pages\/295"}],"wp:attachment":[{"href":"http:\/\/www.microcosmo.fr\/index.php\/wp-json\/wp\/v2\/media?parent=641"}],"curies":[{"name":"wp","href":"https:\/\/api.w.org\/{rel}","templated":true}]}}